{"id":5473,"date":"2012-11-07T12:25:14","date_gmt":"2012-11-07T09:25:14","guid":{"rendered":"http:\/\/www.staroriga.lv\/"},"modified":"2012-11-07T12:25:14","modified_gmt":"2012-11-07T09:25:14","slug":"fotokonkurss","status":"publish","type":"page","link":"https:\/\/staroriga.lv\/lv\/fotokonkurss\/","title":{"rendered":"K\u013c\u016bsti par gaismas mekl\u0113t\u0101ju \u2013 piedalies \u201eStaro R\u012bga\u201d fotokonkurs\u0101"},"content":{"rendered":"<p><\/p>\n<p style=\"text-align: justify;\"><span style=\"color: #c0c0c0;\">\u0160\u012b gada gaismas festiv\u0101ls \u201eStaro R\u012bga\u201d aicina doties v\u0113rt\u012bbu mekl\u0113jumos, katram k\u013c\u016bstot par savas gaismas mekl\u0113t\u0101ju. T\u0101p\u0113c pas\u0101kuma gaid\u0101s no 8. novembra tiek izsludin\u0101ts \u012bpa\u0161s fotokonkurss \u201eStaro R\u012bga \u2013 Gaismas mekl\u0113t\u0101ji\u201d ikvienam rado\u0161am un akt\u012bvam festiv\u0101la interesentam.<\/span><\/p>\n<p style=\"text-align: justify;\"><span style=\"color: #c0c0c0;\">Radi savu gaismas mekl\u0113t\u0101ja t\u0113lu, nofotograf\u0113jies viens vai jautr\u0101 draugu komp\u0101nij\u0101 kop\u0101 ar \u0161\u0101 gada gaismas mekl\u0113t\u0101jiem, kurus var atrast uz \u201eStaro R\u012bga\u201d vides rekl\u0101mas stendiem pils\u0113tvid\u0113, tramvajos, Baltic Taxi, m\u0101jas lap\u0101 un citur.<\/span><\/p>\n<p style=\"text-align: justify;\"><span style=\"color: #c0c0c0;\">Bildes ies\u016bti no 8. l\u012bdz 14. novembrim www.staroriga.lv lap\u0101 sada\u013c\u0101 konkursi.<\/span><\/p>\n<p style=\"text-align: justify;\"><span style=\"color: #c0c0c0;\">Fotogr\u0101fijas tiks izvietotas \u201eStaro Riga\u201d m\u0101jas lap\u0101 un facebook galerij\u0101.<\/span><\/p>\n<p style=\"text-align: justify;\"><span style=\"color: #c0c0c0;\">5 lab\u0101kie, ori\u0123in\u0101l\u0101kie, spo\u017e\u0101kie p\u0113c Staro R\u012bga \u017e\u016brijas v\u0113rt\u0113juma sa\u0146em balvas \u2013 Nokia Lumia 710 \u00a0telefonu \u2013 kr\u0101sain\u0101kiem sazi\u0146as veidiem!<\/span><\/p>\n<p style=\"text-align: justify;\"><span style=\"color: #c0c0c0;\">Konkursa \u017e\u016brij\u0101 gaismas festiv\u0101la Staro R\u012bga, Delfi redakcijas un Nokia Latvija p\u0101rst\u0101vji.<\/span><\/p>\n<p style=\"text-align: justify;\"><span style=\"color: #c0c0c0;\">\u0160ogad gaismas festiv\u0101ls \u201eStaro R\u012bga\u201d notiks jau piekto reizi. \u010cetrus vakarus no plkst. 18.00 l\u012bdz 23:00 pils\u0113t\u0101 iedegsies desmitiem gaismas objektu, kas b\u016bs apl\u016bkojami gan tuvum\u0101, gan no att\u0101luma, gan k\u0101 pils\u0113tas ainavas sast\u0101vda\u013ca.<\/span><\/p>\n<p style=\"text-align: justify;\"><span style=\"color: #c0c0c0;\">\u201eStaro R\u012bga\u201d r\u012bko nodibin\u0101jums R\u012bga 2014, un festiv\u0101ls ar \u012bpa\u0161i kr\u0101\u0161\u0146u programmu b\u016bs ar\u012b viens no Eiropas kult\u016bras galvaspils\u0113tas gada programmas notikumiem. Festiv\u0101lu finans\u0113 R\u012bgas dome, festiv\u0101la partneris Lattelecom. Foto konkursa sadarb\u012bbas partneri \u2013 Nokia un Delfi.<\/span><\/p>\n<p><strong><span style=\"color: #ffff00;\">[photosmash id=2]<\/span><\/strong><\/p>\n<pre><code>[form form-1]<\/code><\/pre>\n<p><\/p>","protected":false},"excerpt":{"rendered":"<p>\u0160\u012b gada gaismas festiv\u0101ls \u201eStaro R\u012bga\u201d aicina doties v\u0113rt\u012bbu mekl\u0113jumos, katram k\u013c\u016bstot par savas gaismas mekl\u0113t\u0101ju. T\u0101p\u0113c pas\u0101kuma gaid\u0101s no 8. novembra tiek izsludin\u0101ts \u012bpa\u0161s fotokonkurss \u201eStaro R\u012bga \u2013 Gaismas mekl\u0113t\u0101ji\u201d ikvienam rado\u0161am un akt\u012bvam festiv\u0101la interesentam. Radi savu gaismas mekl\u0113t\u0101ja t\u0113lu, nofotograf\u0113jies viens vai jautr\u0101 draugu komp\u0101nij\u0101 kop\u0101 ar \u0161\u0101 gada gaismas mekl\u0113t\u0101jiem, kurus [&hellip;]<\/p>\n","protected":false},"author":1,"featured_media":0,"parent":0,"menu_order":0,"comment_status":"open","ping_status":"open","template":"","meta":{"_acf_changed":false,"inline_featured_image":false,"footnotes":""},"class_list":["post-5473","page","type-page","status-publish","hentry"],"acf":[],"yoast_head":"<!-- This site is optimized with the Yoast SEO plugin v26.2 - https:\/\/yoast.com\/wordpress\/plugins\/seo\/ -->\n<title>K\u013c\u016bsti par gaismas mekl\u0113t\u0101ju \u2013 piedalies \u201eStaro R\u012bga\u201d fotokonkurs\u0101 - Staro R\u012bga<\/title>\n<meta name=\"robots\" content=\"index, follow, max-snippet:-1, max-image-preview:large, max-video-preview:-1\" \/>\n<link rel=\"canonical\" href=\"https:\/\/staroriga.lv\/lv\/fotokonkurss\/\" \/>\n<meta property=\"og:locale\" content=\"lv_LV\" \/>\n<meta property=\"og:type\" content=\"article\" \/>\n<meta property=\"og:title\" content=\"K\u013c\u016bsti par gaismas mekl\u0113t\u0101ju \u2013 piedalies \u201eStaro R\u012bga\u201d fotokonkurs\u0101 - Staro R\u012bga\" \/>\n<meta property=\"og:description\" content=\"\u0160\u012b gada gaismas festiv\u0101ls \u201eStaro R\u012bga\u201d aicina doties v\u0113rt\u012bbu mekl\u0113jumos, katram k\u013c\u016bstot par savas gaismas mekl\u0113t\u0101ju. T\u0101p\u0113c pas\u0101kuma gaid\u0101s no 8. novembra tiek izsludin\u0101ts \u012bpa\u0161s fotokonkurss \u201eStaro R\u012bga \u2013 Gaismas mekl\u0113t\u0101ji\u201d ikvienam rado\u0161am un akt\u012bvam festiv\u0101la interesentam. Radi savu gaismas mekl\u0113t\u0101ja t\u0113lu, nofotograf\u0113jies viens vai jautr\u0101 draugu komp\u0101nij\u0101 kop\u0101 ar \u0161\u0101 gada gaismas mekl\u0113t\u0101jiem, kurus [&hellip;]\" \/>\n<meta property=\"og:url\" content=\"https:\/\/staroriga.lv\/lv\/fotokonkurss\/\" \/>\n<meta property=\"og:site_name\" content=\"Staro R\u012bga\" \/>\n<meta property=\"article:publisher\" content=\"https:\/\/www.facebook.com\/staroriga\" \/>\n<meta property=\"og:image\" content=\"https:\/\/staroriga.lv\/wp-content\/uploads\/2025\/11\/placeholder_2025_1.jpg\" \/>\n\t<meta property=\"og:image:width\" content=\"500\" \/>\n\t<meta property=\"og:image:height\" content=\"500\" \/>\n\t<meta property=\"og:image:type\" content=\"image\/jpeg\" \/>\n<meta name=\"twitter:card\" content=\"summary_large_image\" \/>\n<meta name=\"twitter:site\" content=\"@staroriga\" \/>\n<meta name=\"twitter:label1\" content=\"Est. reading time\" \/>\n\t<meta name=\"twitter:data1\" content=\"1 min\u016bte\" \/>\n<script type=\"application\/ld+json\" class=\"yoast-schema-graph\">{\"@context\":\"https:\/\/schema.org\",\"@graph\":[{\"@type\":\"WebPage\",\"@id\":\"https:\/\/staroriga.lv\/lv\/fotokonkurss\/\",\"url\":\"https:\/\/staroriga.lv\/lv\/fotokonkurss\/\",\"name\":\"K\u013c\u016bsti par gaismas mekl\u0113t\u0101ju \u2013 piedalies \u201eStaro R\u012bga\u201d fotokonkurs\u0101 - Staro R\u012bga\",\"isPartOf\":{\"@id\":\"https:\/\/staroriga.lv\/lv\/#website\"},\"datePublished\":\"2012-11-07T09:25:14+00:00\",\"breadcrumb\":{\"@id\":\"https:\/\/staroriga.lv\/lv\/fotokonkurss\/#breadcrumb\"},\"inLanguage\":\"lv-LV\",\"potentialAction\":[{\"@type\":\"ReadAction\",\"target\":[[\"https:\/\/staroriga.lv\/lv\/fotokonkurss\/\"]]}]},{\"@type\":\"BreadcrumbList\",\"@id\":\"https:\/\/staroriga.lv\/lv\/fotokonkurss\/#breadcrumb\",\"itemListElement\":[{\"@type\":\"ListItem\",\"position\":1,\"name\":\"Home\",\"item\":\"https:\/\/staroriga.lv\/lv\/\"},{\"@type\":\"ListItem\",\"position\":2,\"name\":\"K\u013c\u016bsti par gaismas mekl\u0113t\u0101ju \u2013 piedalies \u201eStaro R\u012bga\u201d fotokonkurs\u0101\"}]},{\"@type\":\"WebSite\",\"@id\":\"https:\/\/staroriga.lv\/lv\/#website\",\"url\":\"https:\/\/staroriga.lv\/lv\/\",\"name\":\"Staro R\u012bga\",\"description\":\"\",\"potentialAction\":[{\"@type\":\"SearchAction\",\"target\":{\"@type\":\"EntryPoint\",\"urlTemplate\":\"https:\/\/staroriga.lv\/lv\/?s={search_term_string}\"},\"query-input\":{\"@type\":\"PropertyValueSpecification\",\"valueRequired\":true,\"valueName\":\"search_term_string\"}}],\"inLanguage\":\"lv-LV\"}]}<\/script>\n<!-- \/ Yoast SEO plugin. -->","yoast_head_json":{"title":"K\u013c\u016bsti par gaismas mekl\u0113t\u0101ju \u2013 piedalies \u201eStaro R\u012bga\u201d fotokonkurs\u0101 - Staro R\u012bga","robots":{"index":"index","follow":"follow","max-snippet":"max-snippet:-1","max-image-preview":"max-image-preview:large","max-video-preview":"max-video-preview:-1"},"canonical":"https:\/\/staroriga.lv\/lv\/fotokonkurss\/","og_locale":"lv_LV","og_type":"article","og_title":"K\u013c\u016bsti par gaismas mekl\u0113t\u0101ju \u2013 piedalies \u201eStaro R\u012bga\u201d fotokonkurs\u0101 - Staro R\u012bga","og_description":"\u0160\u012b gada gaismas festiv\u0101ls \u201eStaro R\u012bga\u201d aicina doties v\u0113rt\u012bbu mekl\u0113jumos, katram k\u013c\u016bstot par savas gaismas mekl\u0113t\u0101ju. T\u0101p\u0113c pas\u0101kuma gaid\u0101s no 8. novembra tiek izsludin\u0101ts \u012bpa\u0161s fotokonkurss \u201eStaro R\u012bga \u2013 Gaismas mekl\u0113t\u0101ji\u201d ikvienam rado\u0161am un akt\u012bvam festiv\u0101la interesentam. Radi savu gaismas mekl\u0113t\u0101ja t\u0113lu, nofotograf\u0113jies viens vai jautr\u0101 draugu komp\u0101nij\u0101 kop\u0101 ar \u0161\u0101 gada gaismas mekl\u0113t\u0101jiem, kurus [&hellip;]","og_url":"https:\/\/staroriga.lv\/lv\/fotokonkurss\/","og_site_name":"Staro R\u012bga","article_publisher":"https:\/\/www.facebook.com\/staroriga","og_image":[{"width":500,"height":500,"url":"https:\/\/staroriga.lv\/wp-content\/uploads\/2025\/11\/placeholder_2025_1.jpg","type":"image\/jpeg"}],"twitter_card":"summary_large_image","twitter_site":"@staroriga","twitter_misc":{"Est. reading time":"1 min\u016bte"},"schema":{"@context":"https:\/\/schema.org","@graph":[{"@type":"WebPage","@id":"https:\/\/staroriga.lv\/lv\/fotokonkurss\/","url":"https:\/\/staroriga.lv\/lv\/fotokonkurss\/","name":"K\u013c\u016bsti par gaismas mekl\u0113t\u0101ju \u2013 piedalies \u201eStaro R\u012bga\u201d fotokonkurs\u0101 - Staro R\u012bga","isPartOf":{"@id":"https:\/\/staroriga.lv\/lv\/#website"},"datePublished":"2012-11-07T09:25:14+00:00","breadcrumb":{"@id":"https:\/\/staroriga.lv\/lv\/fotokonkurss\/#breadcrumb"},"inLanguage":"lv-LV","potentialAction":[{"@type":"ReadAction","target":[["https:\/\/staroriga.lv\/lv\/fotokonkurss\/"]]}]},{"@type":"BreadcrumbList","@id":"https:\/\/staroriga.lv\/lv\/fotokonkurss\/#breadcrumb","itemListElement":[{"@type":"ListItem","position":1,"name":"Home","item":"https:\/\/staroriga.lv\/lv\/"},{"@type":"ListItem","position":2,"name":"K\u013c\u016bsti par gaismas mekl\u0113t\u0101ju \u2013 piedalies \u201eStaro R\u012bga\u201d fotokonkurs\u0101"}]},{"@type":"WebSite","@id":"https:\/\/staroriga.lv\/lv\/#website","url":"https:\/\/staroriga.lv\/lv\/","name":"Staro R\u012bga","description":"","potentialAction":[{"@type":"SearchAction","target":{"@type":"EntryPoint","urlTemplate":"https:\/\/staroriga.lv\/lv\/?s={search_term_string}"},"query-input":{"@type":"PropertyValueSpecification","valueRequired":true,"valueName":"search_term_string"}}],"inLanguage":"lv-LV"}]}},"_links":{"self":[{"href":"https:\/\/staroriga.lv\/lv\/wp-json\/wp\/v2\/pages\/5473","targetHints":{"allow":["GET"]}}],"collection":[{"href":"https:\/\/staroriga.lv\/lv\/wp-json\/wp\/v2\/pages"}],"about":[{"href":"https:\/\/staroriga.lv\/lv\/wp-json\/wp\/v2\/types\/page"}],"author":[{"embeddable":true,"href":"https:\/\/staroriga.lv\/lv\/wp-json\/wp\/v2\/users\/1"}],"replies":[{"embeddable":true,"href":"https:\/\/staroriga.lv\/lv\/wp-json\/wp\/v2\/comments?post=5473"}],"version-history":[{"count":0,"href":"https:\/\/staroriga.lv\/lv\/wp-json\/wp\/v2\/pages\/5473\/revisions"}],"wp:attachment":[{"href":"https:\/\/staroriga.lv\/lv\/wp-json\/wp\/v2\/media?parent=5473"}],"curies":[{"name":"wp","href":"https:\/\/api.w.org\/{rel}","templated":true}]}}